{"id":792,"date":"2020-10-08T11:16:43","date_gmt":"2020-10-08T16:16:43","guid":{"rendered":"https:\/\/www.intekel.com\/blog\/?page_id=792"},"modified":"2020-10-08T11:16:44","modified_gmt":"2020-10-08T16:16:44","slug":"webinar-tendencias-de-la-tecnologia-empresarial-post-covid19","status":"publish","type":"page","link":"https:\/\/www.intekel.com\/blog\/webinar-tendencias-de-la-tecnologia-empresarial-post-covid19\/","title":{"rendered":"[Webinar] Tendencias de la tecnolog\u00eda empresarial POST- COVID19"},"content":{"rendered":"\n<p>Fecha: 15 de Octubre del 2020<\/p>\n\n\n\n<p class=\"has-text-align-left\">Link de registro: <a href=\"https:\/\/forms.gle\/77mtnV9Jc8anvR8x6\">https:\/\/forms.gle\/77mtnV9Jc8anvR8x6<\/a><\/p>\n\n\n\n<pre class=\"wp-block-verse has-text-align-center\"><em>Cupo limitado<\/em><\/pre>\n\n\n\n<hr class=\"wp-block-separator\"\/>\n\n\n\n<p class=\"has-text-align-right\">\u00abDespu\u00e9s del virus sigue el tratamiento para cuidarnos\u00bb<\/p>\n\n\n\n<figure class=\"wp-block-image size-large is-resized\"><img loading=\"lazy\" decoding=\"async\" src=\"https:\/\/www.intekel.com\/blog\/wp-content\/uploads\/2020\/10\/corona-5073359_1920-1024x467.jpg\" alt=\"\" class=\"wp-image-794\" width=\"620\" height=\"282\" srcset=\"https:\/\/www.intekel.com\/blog\/wp-content\/uploads\/2020\/10\/corona-5073359_1920-1024x467.jpg 1024w, https:\/\/www.intekel.com\/blog\/wp-content\/uploads\/2020\/10\/corona-5073359_1920-300x137.jpg 300w, https:\/\/www.intekel.com\/blog\/wp-content\/uploads\/2020\/10\/corona-5073359_1920-768x350.jpg 768w, https:\/\/www.intekel.com\/blog\/wp-content\/uploads\/2020\/10\/corona-5073359_1920-1536x700.jpg 1536w, https:\/\/www.intekel.com\/blog\/wp-content\/uploads\/2020\/10\/corona-5073359_1920.jpg 1920w\" sizes=\"auto, (max-width: 620px) 100vw, 620px\" \/><\/figure>\n\n\n\n<p>Entre muchas consecuencias que gener\u00f3 el virus Covid-19 se encuentra la parte de afectaci\u00f3n en la gran mayor\u00eda de las empresas con sus negocios, que se realizan d\u00eda a d\u00eda y eso gener\u00f3 malas consecuencias que da\u00f1aron la parte de productividad, ventas y servicio. <\/p>\n\n\n\n<p> Pero nosotros no hablaremos\u00a0m\u00e1s\u00a0de lo que pas\u00f3, sino que hablaremos del presente y futuro para muchas empresas con respecto a  la Automatizaci\u00f3n que genera la industria 4.0 es el futuro que llevamos generando para\u00a0m\u00e1s\u00a0de 30 empresas desde hace 7 a\u00f1os para prevenir casos fortuitos como lo fue en esta ocasi\u00f3n y seguir siendo estables.\u00a0   <\/p>\n\n\n\n<p> Se explicar\u00e1\u00a0c\u00f3mo\u00a0hacerlo, c\u00f3mo implementarlo y como hacer que un sistema operativo tan avanzado los convenza que es el siguiente paso en la industria mundial para un mayor beneficio en todos los sentidos y rincones de su empresa.\u00a0 <\/p>\n\n\n\n<hr class=\"wp-block-separator\"\/>\n\n\n\n<blockquote class=\"wp-block-quote has-text-align-center is-style-large is-layout-flow wp-block-quote-is-layout-flow\"><p><strong>\u00abAutomatizar y ser digital no es futurista, es una necesidad\u00bb<\/strong><\/p><\/blockquote>\n\n\n\n<p>Actualmente la palabra automatizaci\u00f3n es percibida bajo el concepto de reducir la presencia humana y darle paso a programas computacionales para hacer su trabajo, pero es mucho m\u00e1s que ello. Nosotros presentaremos c\u00f3mo es que esta pandemia oblig\u00f3 a las empresas a no tener que prescindir de sus trabajadores de forma f\u00edsica por lo que tr\u00e1mites, servicios y la cadena misma de producci\u00f3n se vieron afectados.\u00a0 <\/p>\n\n\n\n<p>Esto gener\u00f3 un problema m\u00e1s agudo a las peque\u00f1as y medianas empresas quienes vieron p\u00e9rdidas significativas en sus ventas y comenzaron a incursionar por necesidad en el mundo digital y los procesos automatizados, de lo cual presentaremos guiados por estad\u00edsticas la situaci\u00f3n que atravesaron durante la cuarentena y el panorama hacia el futuro de estas empresas que son las mayores generadoras de empleo. <\/p>\n\n\n\n<p class=\"has-text-align-center\">\u00a1Nos vemos este Jueves 15 de Octubre del 2020!<\/p>\n\n\n\n<p>Hora: 10:00 AM Ciudad de M\u00e9xico<\/p>\n\n\n\n<p class=\"has-text-align-left\">Link de registro: <a href=\"https:\/\/forms.gle\/77mtnV9Jc8anvR8x6\">https:\/\/forms.gle\/77mtnV9Jc8anvR8x6<\/a><\/p>\n","protected":false},"excerpt":{"rendered":"<p>Fecha: 15 de Octubre del 2020 Link de registro: https:\/\/forms.gle\/77mtnV9Jc8anvR8x6 Cupo limitado \u00abDespu\u00e9s del virus sigue el tratamiento para cuidarnos\u00bb Entre muchas consecuencias que gener\u00f3 el virus Covid-19 se encuentra la parte de afectaci\u00f3n en la gran mayor\u00eda de las empresas con sus negocios, que se realizan d\u00eda a d\u00eda y eso gener\u00f3 malas consecuencias [&hellip;]<\/p>\n","protected":false},"author":1,"featured_media":0,"parent":0,"menu_order":0,"comment_status":"closed","ping_status":"closed","template":"","meta":{"sfsi_plus_gutenberg_text_before_share":"","sfsi_plus_gutenberg_show_text_before_share":"","sfsi_plus_gutenberg_icon_type":"","sfsi_plus_gutenberg_icon_alignemt":"","sfsi_plus_gutenburg_max_per_row":"","footnotes":""},"class_list":["post-792","page","type-page","status-publish","hentry"],"_links":{"self":[{"href":"https:\/\/www.intekel.com\/blog\/wp-json\/wp\/v2\/pages\/792","targetHints":{"allow":["GET"]}}],"collection":[{"href":"https:\/\/www.intekel.com\/blog\/wp-json\/wp\/v2\/pages"}],"about":[{"href":"https:\/\/www.intekel.com\/blog\/wp-json\/wp\/v2\/types\/page"}],"author":[{"embeddable":true,"href":"https:\/\/www.intekel.com\/blog\/wp-json\/wp\/v2\/users\/1"}],"replies":[{"embeddable":true,"href":"https:\/\/www.intekel.com\/blog\/wp-json\/wp\/v2\/comments?post=792"}],"version-history":[{"count":8,"href":"https:\/\/www.intekel.com\/blog\/wp-json\/wp\/v2\/pages\/792\/revisions"}],"predecessor-version":[{"id":802,"href":"https:\/\/www.intekel.com\/blog\/wp-json\/wp\/v2\/pages\/792\/revisions\/802"}],"wp:attachment":[{"href":"https:\/\/www.intekel.com\/blog\/wp-json\/wp\/v2\/media?parent=792"}],"curies":[{"name":"wp","href":"https:\/\/api.w.org\/{rel}","templated":true}]}}